{"id":7759,"date":"2018-07-12T10:47:01","date_gmt":"2018-07-12T08:47:01","guid":{"rendered":"http:\/\/ksiegarnia-akademicka.pl\/?post_type=product&#038;p=7759"},"modified":"2018-07-12T10:47:47","modified_gmt":"2018-07-12T08:47:47","slug":"elementy-teorii-i-praktyki-podatkow-majatkowych-poszukiwanie-ladu-w-opodatkowaniu-nieruchomosci-w-polsce-z-perspektywy-przedsiebiorcow-oraz-jednostek-samorzadu-terytorialnego","status":"publish","type":"product","link":"https:\/\/ksiegarnia-akademicka.pl\/index.php\/product\/elementy-teorii-i-praktyki-podatkow-majatkowych-poszukiwanie-ladu-w-opodatkowaniu-nieruchomosci-w-polsce-z-perspektywy-przedsiebiorcow-oraz-jednostek-samorzadu-terytorialnego\/","title":{"rendered":"ELEMENTY TEORII I PRAKTYKI PODATK\u00d3W MAJ\u0104TKOWYCH Poszukiwanie \u0142adu w opodatkowaniu nieruchomo\u015bci w Polsce z perspektywy przedsi\u0119biorc\u00f3w oraz jednostek samorz\u0105du terytorialnego"},"content":{"rendered":"<p>Autor:\tPawe\u0142 Felis,<br \/>\nISBN:\t0867-7727<br \/>\nWydanie:\t1<br \/>\nRok wydania:\t2012<br \/>\nOprawa:\tmi\u0119kka<br \/>\nFormat:\tB5<br \/>\nLiczba stron:\t407<br \/>\nWydawnictwo:\tOficyna Wydawnicza SGH<\/p>\n<p>Rozprawa ma z za\u0142o\u017cenia charakter wielow\u0105tkowy i w kontek\u015bcie jej g\u0142\u00f3w\u00adnych cel\u00f3w nie jest skonstruowana wed\u0142ug klasycznej konwencji: teza &#8211; dow\u00f3d tezy. Przeprowadzenie rozwa\u017ca\u0144 wymaga\u0142o szczeg\u00f3\u0142owego przeanalizowania literatury naukowej. Na podstawie analizowanych materia\u0142\u00f3w \u017ar\u00f3d\u0142owych oraz wynikaj\u0105cych z nich wniosk\u00f3w zaproponowano pewne rozwi\u0105zania metodolo\u00adgiczne i koncepcyjne. Zawarta w pracy charakterystyka wielu zagadnie\u0144, a tak\u017ce przyj\u0119te w niej rozwi\u0105zania metodologiczne i koncepcyjne stanowi\u0105 wk\u0142ad autora w rozw\u00f3j wiedzy nie tylko o podatkach maj\u0105tkowych, ale tak\u017ce o warto\u015bciowaniu efekt\u00f3w dzia\u0142alno\u015bci podsektora samorz\u0105dowego w obszarze podatk\u00f3w lokalnych. W tym kontek\u015bcie nale\u017cy wskaza\u0107 cele poznawcze pracy:<\/p>\n<p>1. Kompleksowe przedstawienie specyfiki podatk\u00f3w maj\u0105tkowych osadzonej w dziedzinie nauk finansowych, ekonomicznych i prawnych.<\/p>\n<p>2. Uporz\u0105dkowanie wiedzy dotycz\u0105cej materii lokalnych podatk\u00f3w maj\u0105tkowych, z uwzgl\u0119dnieniem szerokiego spektrum podej\u015b\u0107 badawczych.<\/p>\n<p>3. Przedstawienie w spos\u00f3b syntetyczny i udokumentowany wybranych prob\u00adlem\u00f3w zwi\u0105zanych ze zwi\u0119kszeniem samodzielno\u015bci finansowej jednostek samorz\u0105du terytorialnego w zakresie pozyskiwania \u017ar\u00f3de\u0142 finansowania ich dzia\u0142alno\u015bci, ze szczeg\u00f3lnym uwzgl\u0119dnieniem wybranych aspekt\u00f3w decentra\u00adlizacji w\u0142adztwa podatkowego.<\/p>\n<p>4. Ustalenie roli i znaczenia funkcji podatk\u00f3w maj\u0105tkowych, poprzez analiz\u0119 stworzonych w poszczeg\u00f3lnych podatkach prawnych mo\u017cliwo\u015bci motywuj\u0105\u00adcych podatnik\u00f3w do podj\u0119cia okre\u015blonych czynno\u015bci b\u0105d\u017a powstrzymywania si\u0119 od nich.<\/p>\n<p>5. Ocena obecnie obowi\u0105zuj\u0105cych unormowa\u0144 w zakresie opodatkowania posia\u00addanych przez przedsi\u0119biorc\u00f3w nieruchomo\u015bci i sformu\u0142owanie na tej podstawie postulat\u00f3w przysz\u0142ych zmian w ustawodawstwie.<\/p>\n<p>6. Zbadanie roli i znaczenia r\u00f3\u017cnicowania lokalnej polityki podatkowej w Polsce, uzupe\u0142nione przedstawieniem istotnych czynnik\u00f3w j\u0105 determinuj\u0105cych.<\/p>\n<p>7. Wykazanie potrzeby reformy systemu podatk\u00f3w maj\u0105tkowych.<\/p>\n<p>8. Pokazanie kierunku normatywnych zmian w strukturze w\u0142asnego potencja\u0142u dochodowego jednostek samorz\u0105du terytorialnego, z uwzgl\u0119dnieniem dorobku teorii optymalnego opodatkowania.<\/p>\n<p>Realizacji tak sformu\u0142owanych cel\u00f3w pracy podporz\u0105dkowana jest logika uk\u0142adu tre\u015bci. Praca zosta\u0142a podzielona na sze\u015b\u0107 rozdzia\u0142\u00f3w.<\/p>\n<p>Rozdzia\u0142 pierwszy stanowi wprowadzenie w problematyk\u0119 danin maj\u0105tkowych. Przedstawiono w nim niezb\u0119dne w\u0105tki og\u00f3lnej teorii opodatkowania oraz zdefi\u00adniowano poj\u0119cia, kt\u00f3re zosta\u0142y wykorzystane w dalszej cz\u0119\u015bci rozprawy. Najpierw zaj\u0119to si\u0119 ekonomiczn\u0105 i formalnoprawn\u0105 istot\u0105 danin publicznych. Rozwa\u017caj\u0105c problematyk\u0119 funkcjonowania systemu opodatkowania nieruchomo\u015bci, nie spos\u00f3b nie odnie\u015b\u0107 si\u0119 do op\u0142aty, jako formy dochod\u00f3w publicznych. Nast\u0119pnie skoncen\u00adtrowano uwag\u0119 na istocie podatk\u00f3w maj\u0105tkowych, co znalaz\u0142o odzwierciedlenie w rozwa\u017caniach dotycz\u0105cych problem\u00f3w zwi\u0105zanych ze zdefiniowaniem maj\u0105t\u00adku &#8211; jako przedmiotu opodatkowania w podatkach maj\u0105tkowych, sformu\u0142owa\u00adniem jednolitej i precyzyjnej definicji poj\u0119cia podatk\u00f3w maj\u0105tkowych, ocen\u0105 roli i znaczenia funkcji podatk\u00f3w maj\u0105tkowych oraz zaproponowaniem jednolitej klasyfikacji, dzi\u0119ki kt\u00f3rej mo\u017cliwe by\u0142oby grupowanie wszystkich znanych ro\u00addzaj\u00f3w podatk\u00f3w maj\u0105tkowych. Przy okazji zg\u0142oszone zosta\u0142y pewne propozycje w zakresie poszczeg\u00f3lnych kryteri\u00f3w klasyfikacji podatk\u00f3w maj\u0105tkowych.<\/p>\n","protected":false},"excerpt":{"rendered":"<p>Autor: Pawe\u0142 Felis, ISBN: 0867-7727 Wydanie: 1 Rok wydania: 2012 [&hellip;]<\/p>\n","protected":false},"featured_media":7760,"template":"","meta":[],"product_brand":[],"product_cat":[22],"product_tag":[7551,1055],"class_list":{"0":"post-7759","1":"product","2":"type-product","3":"status-publish","4":"has-post-thumbnail","6":"product_cat-podatki-i-prawo-podatkowe","7":"product_tag-podatki-majatkowe","8":"product_tag-prawo-podatkowe","10":"first","11":"instock","12":"sale","13":"shipping-taxable","14":"purchasable","15":"product-type-simple"},"_links":{"self":[{"href":"https:\/\/ksiegarnia-akademicka.pl\/index.php\/wp-json\/wp\/v2\/product\/7759","targetHints":{"allow":["GET"]}}],"collection":[{"href":"https:\/\/ksiegarnia-akademicka.pl\/index.php\/wp-json\/wp\/v2\/product"}],"about":[{"href":"https:\/\/ksiegarnia-akademicka.pl\/index.php\/wp-json\/wp\/v2\/types\/product"}],"wp:featuredmedia":[{"embeddable":true,"href":"https:\/\/ksiegarnia-akademicka.pl\/index.php\/wp-json\/wp\/v2\/media\/7760"}],"wp:attachment":[{"href":"https:\/\/ksiegarnia-akademicka.pl\/index.php\/wp-json\/wp\/v2\/media?parent=7759"}],"wp:term":[{"taxonomy":"product_brand","embeddable":true,"href":"https:\/\/ksiegarnia-akademicka.pl\/index.php\/wp-json\/wp\/v2\/product_brand?post=7759"},{"taxonomy":"product_cat","embeddable":true,"href":"https:\/\/ksiegarnia-akademicka.pl\/index.php\/wp-json\/wp\/v2\/product_cat?post=7759"},{"taxonomy":"product_tag","embeddable":true,"href":"https:\/\/ksiegarnia-akademicka.pl\/index.php\/wp-json\/wp\/v2\/product_tag?post=7759"}],"curies":[{"name":"wp","href":"https:\/\/api.w.org\/{rel}","templated":true}]}}