{"id":21485,"date":"2025-11-20T09:16:09","date_gmt":"2025-11-20T08:16:09","guid":{"rendered":"http:\/\/ksiegarnia-akademicka.pl\/?post_type=product&#038;p=21485"},"modified":"2025-11-20T09:16:09","modified_gmt":"2025-11-20T08:16:09","slug":"na-pograniczu-tradycji-i-nowoczesnosci-perspektywa-zmian-makro-mezo-mikro","status":"publish","type":"product","link":"https:\/\/ksiegarnia-akademicka.pl\/index.php\/product\/na-pograniczu-tradycji-i-nowoczesnosci-perspektywa-zmian-makro-mezo-mikro\/","title":{"rendered":"Na pograniczu tradycji i nowoczesno\u015bci. Perspektywa zmian makro, mezo, mikro"},"content":{"rendered":"<div class=\"grupa osoby\"><span class=\"meta-head-blue\">Autor: <\/span>praca zbiorowa<\/div>\n<div class=\"grupa osoby\"><span class=\"meta-head-blue\">Redakcja:<\/span>\u00a0<span class=\"meta-value\">Augu\u015bciak Izabela , Flejterski Stanis\u0142aw<\/span><\/div>\n<div class=\"grupa wydawca\"><span class=\"meta-head\">Wydawca:<\/span>\u00a0edu-Libri<\/div>\n<div class=\"grupa dane\">\n<div>Oprawa:\u00a0<span class=\"meta-value-bold\">Mi\u0119kka<\/span><\/div>\n<div>Format:\u00a0<span class=\"meta-value-bold\">16.5&#215;23.5cm<\/span><\/div>\n<div>Liczba stron:\u00a0<span class=\"meta-value-bold\">386<\/span><\/div>\n<div>Wydanie:\u00a0<span class=\"meta-value-bold\">1<\/span><\/div>\n<div>Rok wydania:\u00a0<span class=\"meta-value-bold\">2025<\/span><\/div>\n<div>J\u0119zyk wydania:\u00a0<span class=\"meta-value-bold\">polski<\/span><\/div>\n<\/div>\n<div><\/div>\n<div>Inspiracj\u0105 do powstania prezentowanej monografii wieloautorskiej by\u0142o prze\u015bwiadczenie, \u017ce w po\u0142owie trzeciej dekady XXI stulecia warto podj\u0105\u0107 pr\u00f3b\u0119 zmierzenia si\u0119 z kategori\u0105 \u201ezmiana\u201d. Zmianom i zarz\u0105dzaniu nimi po\u015bwi\u0119cono w literaturze ju\u017c wiele miejsca, jednak uznali\u015bmy, \u017ce obecny czas szczeg\u00f3lnie sprzyja naukowej refleksji na temat zmian w skali mega, makro, mezzo i mikro. Chodzi o udzielenie odpowiedzi na pytanie o relacje mi\u0119dzy tradycj\u0105 a nowoczesno\u015bci\u0105: czy nowe jest zawsze lepsze od starego?<br \/>\nPrzedmiotem analiza zagadnie\u0144 z dyscyplin ekonomia i finanse oraz nauk o zarz\u0105dzaniu i jako\u015bci, o bezpiecze\u0144stwie, nauk prawnych, socjologicznych i pedagogicznych. Autorzy \u2013 w granicach mo\u017cliwo\u015bci \u2013 starali si\u0119 zrealizowa\u0107 siedem zada\u0144 stawianych na og\u00f3\u0142 badaczom w dziedzinie nauk spo\u0142ecznych: opisywanie, pomiar, por\u00f3wnywanie w czasie i w przestrzeni, obja\u015bnianie, ewaluacja, przewidywanie, wraz z formu\u0142owaniem sygna\u0142\u00f3w wczesnego ostrzegania, ponadto prezentowanie propozycji i rekomendacji.<br \/>\nPomys\u0142 napisania niniejszej ksi\u0105\u017cki narodzi\u0142 si\u0119 w ramach zainicjowanego w roku 2024 na Wydziale Ekonomicznym w Szczecinie Interdyscyplinarnego Seminarium Naukowego, skupiaj\u0105cego naukowc\u00f3w z Chorzowa, Poznania, Szczecina, Warszawy i Zielonej G\u00f3ry, zwi\u0105zanych z Uniwersytetem WSB Merito.<\/div>\n","protected":false},"excerpt":{"rendered":"<p>Autor: praca zbiorowa Redakcja:\u00a0Augu\u015bciak Izabela , Flejterski Stanis\u0142aw Wydawca:\u00a0edu-Libri Oprawa:\u00a0Mi\u0119kka [&hellip;]<\/p>\n","protected":false},"featured_media":21486,"template":"","meta":[],"product_brand":[],"product_cat":[17,7499],"product_tag":[337],"class_list":{"0":"post-21485","1":"product","2":"type-product","3":"status-publish","4":"has-post-thumbnail","6":"product_cat-ekonomia","7":"product_cat-makro-i-mikroekonomia","8":"product_tag-ekonomia","10":"first","11":"instock","12":"sale","13":"shipping-taxable","14":"purchasable","15":"product-type-simple"},"_links":{"self":[{"href":"https:\/\/ksiegarnia-akademicka.pl\/index.php\/wp-json\/wp\/v2\/product\/21485","targetHints":{"allow":["GET"]}}],"collection":[{"href":"https:\/\/ksiegarnia-akademicka.pl\/index.php\/wp-json\/wp\/v2\/product"}],"about":[{"href":"https:\/\/ksiegarnia-akademicka.pl\/index.php\/wp-json\/wp\/v2\/types\/product"}],"wp:featuredmedia":[{"embeddable":true,"href":"https:\/\/ksiegarnia-akademicka.pl\/index.php\/wp-json\/wp\/v2\/media\/21486"}],"wp:attachment":[{"href":"https:\/\/ksiegarnia-akademicka.pl\/index.php\/wp-json\/wp\/v2\/media?parent=21485"}],"wp:term":[{"taxonomy":"product_brand","embeddable":true,"href":"https:\/\/ksiegarnia-akademicka.pl\/index.php\/wp-json\/wp\/v2\/product_brand?post=21485"},{"taxonomy":"product_cat","embeddable":true,"href":"https:\/\/ksiegarnia-akademicka.pl\/index.php\/wp-json\/wp\/v2\/product_cat?post=21485"},{"taxonomy":"product_tag","embeddable":true,"href":"https:\/\/ksiegarnia-akademicka.pl\/index.php\/wp-json\/wp\/v2\/product_tag?post=21485"}],"curies":[{"name":"wp","href":"https:\/\/api.w.org\/{rel}","templated":true}]}}