{"id":21439,"date":"2025-11-15T10:56:20","date_gmt":"2025-11-15T09:56:20","guid":{"rendered":"http:\/\/ksiegarnia-akademicka.pl\/?post_type=product&#038;p=21439"},"modified":"2025-11-15T10:56:20","modified_gmt":"2025-11-15T09:56:20","slug":"przepis-na-rzeczpospolita-subiektywny-komentarz-do-wybranych-regulacji-konstytucji","status":"publish","type":"product","link":"https:\/\/ksiegarnia-akademicka.pl\/index.php\/product\/przepis-na-rzeczpospolita-subiektywny-komentarz-do-wybranych-regulacji-konstytucji\/","title":{"rendered":"Przepis na Rzeczpospolit\u0105 Subiektywny komentarz do wybranych regulacji Konstytucji"},"content":{"rendered":"<div class=\"grupa osoby\"><span class=\"meta-head-blue\">Redakcja:<\/span>\u00a0<span class=\"meta-value\">Szlachetko Jakub<\/span><\/div>\n<div class=\"grupa wydawca\"><span class=\"meta-head\">Wydawca:<\/span>\u00a0Wolters Kluwer<\/div>\n<div class=\"grupa dane\">\n<div>Oprawa:\u00a0<span class=\"meta-value-bold\">Mi\u0119kka<\/span><\/div>\n<div>Liczba stron:\u00a0<span class=\"meta-value-bold\">264<\/span><\/div>\n<div>Wydanie:\u00a0<span class=\"meta-value-bold\">1<\/span><\/div>\n<div>Rok wydania:\u00a0<span class=\"meta-value-bold\">2025<\/span><\/div>\n<div>J\u0119zyk wydania:\u00a0<span class=\"meta-value-bold\">polski<\/span><\/div>\n<\/div>\n<div><\/div>\n<div>Publikacja jest zbiorem esej\u00f3w autorstwa naukowc\u00f3w, ekspert\u00f3w, dziennikarzy, aktywist\u00f3w a zarazem obywateli zaanga\u017cowanych w \u017cycie publiczne Rzeczypospolitej. Ka\u017cdy z tekst\u00f3w koncentruje si\u0119 na konkretnej regulacji Konstytucji, kt\u00f3r\u0105 autorzy analizuj\u0105 i proponuj\u0105 jej reinterpretacj\u0119 lub zmian\u0119.<br \/>\nAutorzy skupiaj\u0105 si\u0119 przede wszystkim na wyk\u0142adni i stosowaniu prawa konstytucyjnego, niekiedy r\u00f3wnie\u017c odnosz\u0105c si\u0119 do procesu jego tworzenia. W wielu przypadkach formu\u0142uj\u0105 krytyczne oceny obecnego stanu prawnego, jednocze\u015bnie przedstawiaj\u0105c konkretne propozycje jego ulepszenia.<br \/>\nEseje dotycz\u0105 kluczowych zagadnie\u0144 regulowanych przez Konstytucj\u0119, jak: ustr\u00f3j Rzeczpospolitej; wolno\u015bci, prawa i obowi\u0105zki cz\u0142owieka i obywatela; urz\u0105d prezydenta Rzeczypospolitej Polskiej oraz Rada Ministr\u00f3w i administracja rz\u0105dowa; samorz\u0105d terytorialny, a tak\u017ce s\u0105dy i trybuna\u0142y.<br \/>\nKsi\u0105\u017cka przeznaczona jest dla pracownik\u00f3w administracji rz\u0105dowej, w tym legislator\u00f3w, a tak\u017ce do \u015brodowiska akademickiego \u2013 pracownik\u00f3w naukowych specjalizuj\u0105cych si\u0119 w zakresie prawa konstytucyjnego, administracyjnego i samorz\u0105dowego oraz student\u00f3w prawa, administracji, politologii.<\/div>\n","protected":false},"excerpt":{"rendered":"<p>Redakcja:\u00a0Szlachetko Jakub Wydawca:\u00a0Wolters Kluwer Oprawa:\u00a0Mi\u0119kka Liczba stron:\u00a0264 Wydanie:\u00a01 Rok wydania:\u00a02025 [&hellip;]<\/p>\n","protected":false},"featured_media":21440,"template":"","meta":[],"product_brand":[],"product_cat":[7496,18],"product_tag":[873],"class_list":{"0":"post-21439","1":"product","2":"type-product","3":"status-publish","4":"has-post-thumbnail","6":"product_cat-konstytucyjne","7":"product_cat-prawo","8":"product_tag-prawo-konstytucyjne","10":"first","11":"instock","12":"sale","13":"shipping-taxable","14":"purchasable","15":"product-type-simple"},"_links":{"self":[{"href":"https:\/\/ksiegarnia-akademicka.pl\/index.php\/wp-json\/wp\/v2\/product\/21439","targetHints":{"allow":["GET"]}}],"collection":[{"href":"https:\/\/ksiegarnia-akademicka.pl\/index.php\/wp-json\/wp\/v2\/product"}],"about":[{"href":"https:\/\/ksiegarnia-akademicka.pl\/index.php\/wp-json\/wp\/v2\/types\/product"}],"wp:featuredmedia":[{"embeddable":true,"href":"https:\/\/ksiegarnia-akademicka.pl\/index.php\/wp-json\/wp\/v2\/media\/21440"}],"wp:attachment":[{"href":"https:\/\/ksiegarnia-akademicka.pl\/index.php\/wp-json\/wp\/v2\/media?parent=21439"}],"wp:term":[{"taxonomy":"product_brand","embeddable":true,"href":"https:\/\/ksiegarnia-akademicka.pl\/index.php\/wp-json\/wp\/v2\/product_brand?post=21439"},{"taxonomy":"product_cat","embeddable":true,"href":"https:\/\/ksiegarnia-akademicka.pl\/index.php\/wp-json\/wp\/v2\/product_cat?post=21439"},{"taxonomy":"product_tag","embeddable":true,"href":"https:\/\/ksiegarnia-akademicka.pl\/index.php\/wp-json\/wp\/v2\/product_tag?post=21439"}],"curies":[{"name":"wp","href":"https:\/\/api.w.org\/{rel}","templated":true}]}}