{"id":21435,"date":"2025-11-15T10:49:15","date_gmt":"2025-11-15T09:49:15","guid":{"rendered":"http:\/\/ksiegarnia-akademicka.pl\/?post_type=product&#038;p=21435"},"modified":"2025-11-15T10:49:15","modified_gmt":"2025-11-15T09:49:15","slug":"kodeks-postepowania-administracyjnego-komentarz","status":"publish","type":"product","link":"https:\/\/ksiegarnia-akademicka.pl\/index.php\/product\/kodeks-postepowania-administracyjnego-komentarz\/","title":{"rendered":"Kodeks post\u0119powania administracyjnego Komentarz"},"content":{"rendered":"<div class=\"grupa osoby\"><span class=\"meta-head-blue\">Redakcja:<\/span>\u00a0<span class=\"meta-value\">Chr\u00f3\u015bcielewski Wojciech, Krawczyk Agnieszka<\/span><\/div>\n<div class=\"grupa wydawca\"><span class=\"meta-head\">Wydawca:<\/span>\u00a0Wolters Kluwer<\/div>\n<div class=\"grupa dane\">\n<div>Oprawa:\u00a0<span class=\"meta-value-bold\">Twarda<\/span><\/div>\n<div>Format:\u00a0<span class=\"meta-value-bold\">17.0&#215;25.0cm<\/span><\/div>\n<div>Liczba stron:\u00a0<span class=\"meta-value-bold\">960<\/span><\/div>\n<div>Wydanie:\u00a0<span class=\"meta-value-bold\">1<\/span><\/div>\n<div>Rok wydania:\u00a0<span class=\"meta-value-bold\">2025<\/span><\/div>\n<div>J\u0119zyk wydania:\u00a0<span class=\"meta-value-bold\">polski<\/span><\/div>\n<\/div>\n<div><\/div>\n<div>Komentarz szczeg\u00f3\u0142owo wyja\u015bnia obowi\u0105zuj\u0105ce przepisy KPA oraz umieszcza je w kontek\u015bcie historycznym i systemowym. Autorzy \u2013 wybitni znawcy procedury administracyjnej \u2013 analizuj\u0105 polskie regulacje przez pryzmat ich austriackiego pierwowzoru (AVG 1925) i rozporz\u0105dzenia Prezydenta RP z 1928 r. o post\u0119powaniu administracyjnem, z kt\u00f3rego wywodzi si\u0119 wsp\u00f3\u0142czesna polska procedura administracyjna.<\/p>\n<p>W publikacji poddano analizie takie zagadnienia jak:<\/p>\n<p>zasady og\u00f3lne post\u0119powania,<br \/>\nw\u0142a\u015bciwo\u015b\u0107 i wy\u0142\u0105czenia organ\u00f3w,<br \/>\nstatus strony i jej uprawnie\u0144,<br \/>\nwszcz\u0119cie post\u0119powania, terminy, dowody i rozprawa,<br \/>\ndecyzje administracyjne, ugody, milcz\u0105ce za\u0142atwienie sprawy,<br \/>\n\u015brodki zaskar\u017cenia: odwo\u0142ania, za\u017calenia, wznowienie post\u0119powania,<br \/>\npost\u0119powanie uproszczone,<br \/>\nadministracyjne kary pieni\u0119\u017cne,<br \/>\nudzia\u0142 prokuratora,<br \/>\nskargi, wnioski, udzia\u0142 prasy i organizacji spo\u0142ecznych,<br \/>\nwsp\u00f3\u0142praca administracyjna w ramach UE.<br \/>\nKomentarz zawiera szerok\u0105 analiz\u0119 orzecznictwa Trybuna\u0142u Konstytucyjnego, Naczelnego S\u0105du Administracyjnego, S\u0105du Najwy\u017cszego oraz wojew\u00f3dzkich s\u0105d\u00f3w administracyjnych oraz odwo\u0142ania do najwa\u017cniejszych pogl\u0105d\u00f3w doktryny oraz aktualnej literatury prawniczej z zakresu post\u0119powania administracyjnego.<\/p>\n<p>Publikacja uwzgl\u0119dnia najnowsze zmiany wprowadzone:<\/p>\n<p>ustaw\u0105 z 21.05.2025 r. o zmianie niekt\u00f3rych ustaw w celu deregulacji prawa gospodarczego i admi\u00adnistracyjnego oraz doskonalenia zasad opracowywania prawa gospodarczego (Dz.U. poz. 769);<br \/>\nustaw\u0105 z 26.01.2023 r. o zmianie ustaw w celu likwidowania zb\u0119dnych barier administracyjnych i prawnych (Dz.U. poz. 803);<br \/>\nustaw\u0105 z 7.10.2022 r. o zmianie niekt\u00f3rych ustaw w celu uproszczenia procedur administracyj\u00adnych dla obywateli i przedsi\u0119biorc\u00f3w (Dz.U. poz. 2185);<br \/>\nustaw\u0105 z 18.11.2020 r. o dor\u0119czeniach elektronicznych (Dz.U. z 2024 r. poz. 1045 ze zm.).<br \/>\nKomentarz przeznaczony jest dla prawnik\u00f3w praktyk\u00f3w: s\u0119dzi\u00f3w s\u0105d\u00f3w administracyjnych, adwo\u00adkat\u00f3w, radc\u00f3w prawnych, aplikant\u00f3w tych zawod\u00f3w. Zainteresuje r\u00f3wnie\u017c pracownik\u00f3w organ\u00f3w administracji, a tak\u017ce pracownik\u00f3w naukowych zajmuj\u0105cych si\u0119 problematyk\u0105 post\u0119powania administracyjnego<\/p><\/div>\n","protected":false},"excerpt":{"rendered":"<p>Redakcja:\u00a0Chr\u00f3\u015bcielewski Wojciech, Krawczyk Agnieszka Wydawca:\u00a0Wolters Kluwer Oprawa:\u00a0Twarda Format:\u00a017.0&#215;25.0cm Liczba stron:\u00a0960 [&hellip;]<\/p>\n","protected":false},"featured_media":21436,"template":"","meta":[],"product_brand":[],"product_cat":[7492,18],"product_tag":[1497,564,485],"class_list":{"0":"post-21435","1":"product","2":"type-product","3":"status-publish","4":"has-post-thumbnail","6":"product_cat-administracyjne","7":"product_cat-prawo","8":"product_tag-komentarz","9":"product_tag-postepowanie-administracyjne","10":"product_tag-prawo-administracyjne","12":"first","13":"instock","14":"sale","15":"shipping-taxable","16":"purchasable","17":"product-type-simple"},"_links":{"self":[{"href":"https:\/\/ksiegarnia-akademicka.pl\/index.php\/wp-json\/wp\/v2\/product\/21435","targetHints":{"allow":["GET"]}}],"collection":[{"href":"https:\/\/ksiegarnia-akademicka.pl\/index.php\/wp-json\/wp\/v2\/product"}],"about":[{"href":"https:\/\/ksiegarnia-akademicka.pl\/index.php\/wp-json\/wp\/v2\/types\/product"}],"wp:featuredmedia":[{"embeddable":true,"href":"https:\/\/ksiegarnia-akademicka.pl\/index.php\/wp-json\/wp\/v2\/media\/21436"}],"wp:attachment":[{"href":"https:\/\/ksiegarnia-akademicka.pl\/index.php\/wp-json\/wp\/v2\/media?parent=21435"}],"wp:term":[{"taxonomy":"product_brand","embeddable":true,"href":"https:\/\/ksiegarnia-akademicka.pl\/index.php\/wp-json\/wp\/v2\/product_brand?post=21435"},{"taxonomy":"product_cat","embeddable":true,"href":"https:\/\/ksiegarnia-akademicka.pl\/index.php\/wp-json\/wp\/v2\/product_cat?post=21435"},{"taxonomy":"product_tag","embeddable":true,"href":"https:\/\/ksiegarnia-akademicka.pl\/index.php\/wp-json\/wp\/v2\/product_tag?post=21435"}],"curies":[{"name":"wp","href":"https:\/\/api.w.org\/{rel}","templated":true}]}}