{"id":17392,"date":"2024-01-11T09:22:09","date_gmt":"2024-01-11T08:22:09","guid":{"rendered":"http:\/\/ksiegarnia-akademicka.pl\/?post_type=product&#038;p=17392"},"modified":"2024-01-11T09:22:10","modified_gmt":"2024-01-11T08:22:10","slug":"kompetencje-xxi-wieku","status":"publish","type":"product","link":"https:\/\/ksiegarnia-akademicka.pl\/index.php\/product\/kompetencje-xxi-wieku\/","title":{"rendered":"Kompetencje XXI wieku"},"content":{"rendered":"<p>Autor:<br \/>\nJ\u00e9r\u00e9my Lamri<br \/>\nT\u0142umacze: Zr\u0119da Agnieszka<br \/>\nWydawca: Wolters Kluwer<br \/>\nOprawa: Twarda<br \/>\nFormat: 15.0&#215;21.0cm<br \/>\nLiczba stron: 209<br \/>\nWydanie: 1<br \/>\nRok wydania: 2023<br \/>\nJ\u0119zyk wydania: polski<\/p>\n<p>Autor w ciekawy spos\u00f3b prezentuje pe\u0142n\u0105 z\u0142o\u017cono\u015b\u0107 zjawisk, kt\u00f3re obecnie zachodz\u0105 w coraz bardziej zautomatyzowanym \u015bwiecie biznesu: zmian gospodarczych, technologicznych i spo\u0142ecznych, oraz podpowiada, jakie dzia\u0142ania mo\u017cna podj\u0105\u0107, aby za tymi zmianami nad\u0105\u017cy\u0107 i odnale\u017a\u0107 si\u0119 w nieustannie ewoluuj\u0105cej rzeczywisto\u015bci. Kluczow\u0105 rol\u0119 J\u00e9r\u00e9my Lamri przypisuje kszta\u0142towaniu nowych kompetencji.<\/p>\n<p>Umiej\u0119tno\u015bci, kt\u00f3re gwarantuj\u0105 sukces zawodowy w XXI w., r\u00f3\u017cni\u0105 si\u0119 znacznie od tych, kt\u00f3re by\u0142y po\u017c\u0105dane jeszcze niedawno. Podczas gdy profesjonali\u015bci XX w. stosowali tzw. kompetencje rutynowe, ostatnie dwie dekady pokaza\u0142y, \u017ce wzros\u0142o zapotrzebowanie na umiej\u0119tno\u015bci interakcji i analizy.<\/p>\n<p>Pracodawcy ceni\u0105 obecnie osoby potrafi\u0105ce si\u0119 uczy\u0107 i adaptowa\u0107 do nowych r\u00f3l w organizacji, kreatywne i wykazuj\u0105ce inicjatyw\u0119. W obliczu szybko\u015bci i r\u00f3\u017cnorodno\u015bci informacji, aby osi\u0105ga\u0107 ponadprzeci\u0119tne rezultaty, powinni\u015bmy nauczy\u0107 si\u0119 efektywnej komunikacji oraz sprawnej pracy zespo\u0142owej.<\/p>\n<p>Autor nakre\u015bla kierunek dzia\u0142ania, kt\u00f3ry u\u0142atwi zar\u00f3wno pracownikom, jak i pracodawcom sprosta\u0107 wyzwaniom XXI wieku.<\/p>\n","protected":false},"excerpt":{"rendered":"<p>Autor: J\u00e9r\u00e9my Lamri T\u0142umacze: Zr\u0119da Agnieszka Wydawca: Wolters Kluwer Oprawa: [&hellip;]<\/p>\n","protected":false},"featured_media":17393,"template":"","meta":[],"product_brand":[],"product_cat":[7511,30],"product_tag":[541,545],"class_list":{"0":"post-17392","1":"product","2":"type-product","3":"status-publish","4":"has-post-thumbnail","6":"product_cat-kierowanie-i-zarzadzanie","7":"product_cat-zarzadzanie","8":"product_tag-zarzadzanie","9":"product_tag-zarzadzanie-personelem","11":"first","12":"instock","13":"sale","14":"shipping-taxable","15":"purchasable","16":"product-type-simple"},"_links":{"self":[{"href":"https:\/\/ksiegarnia-akademicka.pl\/index.php\/wp-json\/wp\/v2\/product\/17392","targetHints":{"allow":["GET"]}}],"collection":[{"href":"https:\/\/ksiegarnia-akademicka.pl\/index.php\/wp-json\/wp\/v2\/product"}],"about":[{"href":"https:\/\/ksiegarnia-akademicka.pl\/index.php\/wp-json\/wp\/v2\/types\/product"}],"wp:featuredmedia":[{"embeddable":true,"href":"https:\/\/ksiegarnia-akademicka.pl\/index.php\/wp-json\/wp\/v2\/media\/17393"}],"wp:attachment":[{"href":"https:\/\/ksiegarnia-akademicka.pl\/index.php\/wp-json\/wp\/v2\/media?parent=17392"}],"wp:term":[{"taxonomy":"product_brand","embeddable":true,"href":"https:\/\/ksiegarnia-akademicka.pl\/index.php\/wp-json\/wp\/v2\/product_brand?post=17392"},{"taxonomy":"product_cat","embeddable":true,"href":"https:\/\/ksiegarnia-akademicka.pl\/index.php\/wp-json\/wp\/v2\/product_cat?post=17392"},{"taxonomy":"product_tag","embeddable":true,"href":"https:\/\/ksiegarnia-akademicka.pl\/index.php\/wp-json\/wp\/v2\/product_tag?post=17392"}],"curies":[{"name":"wp","href":"https:\/\/api.w.org\/{rel}","templated":true}]}}