{"id":17360,"date":"2024-01-08T10:50:26","date_gmt":"2024-01-08T09:50:26","guid":{"rendered":"http:\/\/ksiegarnia-akademicka.pl\/?post_type=product&#038;p=17360"},"modified":"2024-12-05T09:23:57","modified_gmt":"2024-12-05T08:23:57","slug":"wojna-stalina-nowa-historia-ii-wojny-swiatowej","status":"publish","type":"product","link":"https:\/\/ksiegarnia-akademicka.pl\/index.php\/product\/wojna-stalina-nowa-historia-ii-wojny-swiatowej\/","title":{"rendered":"Wojna Stalina Nowa historia II wojny \u015bwiatowej"},"content":{"rendered":"<p>Autor:<br \/>\nMcMeekin Sean<br \/>\nT\u0142umacze: Bugaj Arkadiusz<br \/>\nWydawca: Znak<br \/>\nOprawa: Twarda z obwolut\u0105<br \/>\nFormat: 15.0&#215;23.5cm<br \/>\nLiczba stron: 768<br \/>\nWydanie: 1<br \/>\nRok wydania: 2024<br \/>\nJ\u0119zyk wydania: polski<\/p>\n<p>KTO NAPRAWD\u0118 WYGRA\u0141 II WOJN\u0118 \u015aWIATOW\u0104? GORZKA PRAWDA O ZWYCI\u0118ZCACH I POKONANYCH<br \/>\nWszystko, co my\u015bleli\u015bmy o II wojnie \u015bwiatowej, by\u0142o uproszczeniem. To nie by\u0142a wojna Hitlera. Gdy Japonia atakowa\u0142a Mand\u017curi\u0119, nie by\u0142 jeszcze nawet u w\u0142adzy. Gdy wojna si\u0119 ko\u0144czy\u0142a, od 4 miesi\u0119cy ju\u017c nie \u017cy\u0142. To by\u0142a wojna innego tyrana. Jego mocarstwo rozci\u0105ga\u0142o si\u0119 od Europy po Azj\u0119. By\u0142 u w\u0142adzy od samego pocz\u0105tku konfliktu i wiele lat po nim. Jego armie uczestniczy\u0142y przez ca\u0142y czas we wszystkich zbrojnych konfliktach kontynentu euroazjatyckiego. Jego pa\u0144stwo stanowi\u0142o przedmiot po\u017c\u0105dania dw\u00f3ch g\u0142\u00f3wnych agresor\u00f3w nale\u017c\u0105cych do pa\u0144stw Osi. Obu pokona\u0142. Ogromnie powi\u0119kszy\u0142 swoje imperium i zdoby\u0142 w\u0142adz\u0119 nad milionami ludzkich istnie\u0144. Miliony te\u017c pos\u0142a\u0142 na \u015bmier\u0107. Z wojny wyszed\u0142 jako triumfator, zagarniaj\u0105cy wojenne \u0142upy. To nie by\u0142a wojna Hitlera ani nikogo innego. To by\u0142a wojna Stalina. Zdawa\u0142o si\u0119, \u017ce o II wojnie \u015bwiatowej nie mo\u017cna powiedzie\u0107 nic nowego. Sean McMeekin udowadnia, \u017ce wszystko, co o niej s\u0105dzili\u015bmy, by\u0142o przek\u0142amaniem.<\/p>\n","protected":false},"excerpt":{"rendered":"<p>Autor: McMeekin Sean T\u0142umacze: Bugaj Arkadiusz Wydawca: Znak Oprawa: Twarda [&hellip;]<\/p>\n","protected":false},"featured_media":17361,"template":"","meta":[],"product_brand":[],"product_cat":[38],"product_tag":[71,68],"class_list":{"0":"post-17360","1":"product","2":"type-product","3":"status-publish","4":"has-post-thumbnail","6":"product_cat-historia","7":"product_tag-historia","8":"product_tag-historia-ii-wojny-swiatowej","10":"first","11":"instock","12":"sale","13":"shipping-taxable","14":"purchasable","15":"product-type-simple"},"_links":{"self":[{"href":"https:\/\/ksiegarnia-akademicka.pl\/index.php\/wp-json\/wp\/v2\/product\/17360","targetHints":{"allow":["GET"]}}],"collection":[{"href":"https:\/\/ksiegarnia-akademicka.pl\/index.php\/wp-json\/wp\/v2\/product"}],"about":[{"href":"https:\/\/ksiegarnia-akademicka.pl\/index.php\/wp-json\/wp\/v2\/types\/product"}],"wp:featuredmedia":[{"embeddable":true,"href":"https:\/\/ksiegarnia-akademicka.pl\/index.php\/wp-json\/wp\/v2\/media\/17361"}],"wp:attachment":[{"href":"https:\/\/ksiegarnia-akademicka.pl\/index.php\/wp-json\/wp\/v2\/media?parent=17360"}],"wp:term":[{"taxonomy":"product_brand","embeddable":true,"href":"https:\/\/ksiegarnia-akademicka.pl\/index.php\/wp-json\/wp\/v2\/product_brand?post=17360"},{"taxonomy":"product_cat","embeddable":true,"href":"https:\/\/ksiegarnia-akademicka.pl\/index.php\/wp-json\/wp\/v2\/product_cat?post=17360"},{"taxonomy":"product_tag","embeddable":true,"href":"https:\/\/ksiegarnia-akademicka.pl\/index.php\/wp-json\/wp\/v2\/product_tag?post=17360"}],"curies":[{"name":"wp","href":"https:\/\/api.w.org\/{rel}","templated":true}]}}