{"id":14942,"date":"2021-12-02T11:47:25","date_gmt":"2021-12-02T10:47:25","guid":{"rendered":"http:\/\/ksiegarnia-akademicka.pl\/?post_type=product&#038;p=14942"},"modified":"2026-01-30T09:58:09","modified_gmt":"2026-01-30T08:58:09","slug":"anatomia-czlowieka-tom-1-anatomia-ogolna-kosci-stawy-i-wiezadla-miesnie","status":"publish","type":"product","link":"https:\/\/ksiegarnia-akademicka.pl\/index.php\/product\/anatomia-czlowieka-tom-1-anatomia-ogolna-kosci-stawy-i-wiezadla-miesnie\/","title":{"rendered":"Anatomia cz\u0142owieka Tom 1 Anatomia og\u00f3lna. Ko\u015bci, stawy i wi\u0119zad\u0142a, mi\u0119\u015bnie"},"content":{"rendered":"<p>Autor: Adam Bochenek, Micha\u0142 Reicher<br \/>\nWydawca: PZWL Wydawnictwo Lekarskie<br \/>\nWydanie: Warszawa, 13, 2021<br \/>\nCopyright: 2023<br \/>\nTyp oprawy: twarda<\/p>\n<p>Jest to jeden z najlepszych i najdok\u0142adniejszych podr\u0119cznik\u00f3w po\u015bwi\u0119conych anatomii cz\u0142owieka, jakie obecnie istniej\u0105 na polskim rynku ksi\u0119garskim. Stowarzyszenie autor\u00f3w ksi\u0105\u017cek medycznych &#8211; skupiaj\u0105ce najznakomitsze autorytety w dziedzinie medycyny &#8211; uzna\u0142o t\u0119 ksi\u0105\u017ck\u0119 za najlepsze dzie\u0142o medyczne XX wieku.<br \/>\nW tomie 1. om\u00f3wiono anatomi\u0119 og\u00f3ln\u0105, ko\u015bci, stawy i wi\u0119zad\u0142a oraz mi\u0119\u015bnie.<\/p>\n<p>ANATOMIA OG\u00d3LNA<br \/>\nWst\u0119p<br \/>\nRys historii anatomii<br \/>\nMiejsce cz\u0142owieka w \u015bwiecie istot \u017cyj\u0105cych i jego pochodzenie<br \/>\nKom\u00f3rka<br \/>\nRys rozwoju osobniczego cz\u0142owieka<br \/>\nTkanki<br \/>\nPosta\u0107 ludzka jako ca\u0142o\u015b\u0107<\/p>\n<p>KO\u015aCI, STAWY I WI\u0118ZAD\u0141A<br \/>\nBudowa og\u00f3lna ko\u015bci<br \/>\nBudowa og\u00f3lna po\u0142\u0105cze\u0144 ko\u015bci<br \/>\nPodzia\u0142 ko\u015b\u0107ca<\/p>\n<p>Ko\u015bci, stawy i wi\u0119zad\u0142a kr\u0119gos\u0142upa i klatki piersiowej<br \/>\nKr\u0119gos\u0142up<br \/>\nKlatka piersiowa<\/p>\n<p>Ko\u015bci, stawy i wi\u0119zad\u0142a g\u0142owy<br \/>\nBudowa og\u00f3lna czaszki<br \/>\nBudowa szczeg\u00f3\u0142owa czaszki<\/p>\n<p>Ko\u015bci, stawy i wi\u0119zad\u0142a ko\u0144czyny g\u00f3rnej<br \/>\nKo\u015bci obr\u0119czy ko\u0144czyny g\u00f3rnej<br \/>\nKo\u015bci cz\u0119\u015bci wolnej ko\u0144czyny g\u00f3rnej<br \/>\nStawy ko\u0144czyny g\u00f3rnej<\/p>\n<p>Ko\u015bci, stawy i wi\u0119zad\u0142a ko\u0144czyny dolnej<br \/>\nKo\u015bci obr\u0119czy ko\u0144czyny dolnej<br \/>\nKo\u015bci cz\u0119\u015bci wolnej ko\u0144czyny dolnej<br \/>\nStawy ko\u0144czyny dolnej<\/p>\n<p>MI\u0118\u015aNIE<br \/>\nOg\u00f3lna budowa mi\u0119\u015bni<br \/>\nMi\u0119\u015bnie grzbietu<br \/>\nMi\u0119\u015bnie klatki piersiowej<br \/>\nMi\u0119\u015bnie brzucha<br \/>\nMi\u0119\u015bnie szyi<br \/>\nMi\u0119\u015bnie g\u0142owy<br \/>\nMi\u0119\u015bnie ko\u0144czyny g\u00f3rnej<br \/>\nMi\u0119\u015bnie ko\u0144czyny dolnej<\/p>\n<p>SKOROWIDZ RZECZOWY<\/p>\n","protected":false},"excerpt":{"rendered":"<p>Autor: Adam Bochenek, Micha\u0142 Reicher Wydawca: PZWL Wydawnictwo Lekarskie Wydanie: [&hellip;]<\/p>\n","protected":false},"featured_media":14943,"template":"","meta":[],"product_brand":[],"product_cat":[7963,7493],"product_tag":[4852],"class_list":{"0":"post-14942","1":"product","2":"type-product","3":"status-publish","4":"has-post-thumbnail","6":"product_cat-anatomia","7":"product_cat-medycyna","8":"product_tag-anatomia","10":"first","11":"instock","12":"sale","13":"shipping-taxable","14":"purchasable","15":"product-type-simple"},"_links":{"self":[{"href":"https:\/\/ksiegarnia-akademicka.pl\/index.php\/wp-json\/wp\/v2\/product\/14942","targetHints":{"allow":["GET"]}}],"collection":[{"href":"https:\/\/ksiegarnia-akademicka.pl\/index.php\/wp-json\/wp\/v2\/product"}],"about":[{"href":"https:\/\/ksiegarnia-akademicka.pl\/index.php\/wp-json\/wp\/v2\/types\/product"}],"wp:featuredmedia":[{"embeddable":true,"href":"https:\/\/ksiegarnia-akademicka.pl\/index.php\/wp-json\/wp\/v2\/media\/14943"}],"wp:attachment":[{"href":"https:\/\/ksiegarnia-akademicka.pl\/index.php\/wp-json\/wp\/v2\/media?parent=14942"}],"wp:term":[{"taxonomy":"product_brand","embeddable":true,"href":"https:\/\/ksiegarnia-akademicka.pl\/index.php\/wp-json\/wp\/v2\/product_brand?post=14942"},{"taxonomy":"product_cat","embeddable":true,"href":"https:\/\/ksiegarnia-akademicka.pl\/index.php\/wp-json\/wp\/v2\/product_cat?post=14942"},{"taxonomy":"product_tag","embeddable":true,"href":"https:\/\/ksiegarnia-akademicka.pl\/index.php\/wp-json\/wp\/v2\/product_tag?post=14942"}],"curies":[{"name":"wp","href":"https:\/\/api.w.org\/{rel}","templated":true}]}}