{"id":13702,"date":"2020-12-15T10:20:19","date_gmt":"2020-12-15T09:20:19","guid":{"rendered":"http:\/\/ksiegarnia-akademicka.pl\/?post_type=product&#038;p=13702"},"modified":"2024-12-05T08:29:13","modified_gmt":"2024-12-05T07:29:13","slug":"ustawy-autorskie-komentarze","status":"publish","type":"product","link":"https:\/\/ksiegarnia-akademicka.pl\/index.php\/product\/ustawy-autorskie-komentarze\/","title":{"rendered":"Ustawy autorskie. Komentarze"},"content":{"rendered":"<p>Redakcja naukowa:<br \/>\nRyszard Markiewicz<br \/>\nJakub Chwalba, Zbigniew \u0106wi\u0105kalski, Monika Czajkowska-D\u0105browska, Nicholas Ghazal, Beata Giesen, Bogumi\u0142a G\u00f3rnikowska, Teresa Grzeszak, Jakub K\u0119pi\u0144ski, Katarzyna Klafkowska-Wa\u015bniowska, Ewa Laskowska, Rafa\u0142 Marcin Sarbi\u0144ski, Joanna Marcinkowska, Micha\u0142 Markiewicz, Andrzej Matlak, Piotr Niezg\u00f3dka, Anna Ni\u017cankowska-Horodecka, Aurelia Nowicka, Ewa Nowi\u0144ska, Justyna O\u017cegalska-Trybalska, Adam P\u0105zik, Zbigniew Pinkalski, Joanna Sie\u0144czy\u0142o-Chlabicz, Ryszard Skubisz, Sybilla Stanis\u0142awska-Kloc, Sergiusz Szuster, Tomasz Targosz, El\u017cbieta Traple, Bohdan Wid\u0142a, Anna Wojciechowska, Krzysztof Wojciechowski, Micha\u0142 Wyrwi\u0144ski<br \/>\nWydawnictwo: Wolters Kluwer Polska<br \/>\nRok publikacji: 2020<br \/>\nWydanie: 1<br \/>\nLiczba stron: 3024<br \/>\nSeria: Komentarze<br \/>\nOk\u0142adka: twarda<br \/>\nFormat: B5<br \/>\nISBN: 978-83-8187-851-7<\/p>\n<p>Stan prawny: 3 listopada 2020 r.<\/p>\n<p>Publikacja stanowi odpowied\u017a na potrzeb\u0119 nowego obszernego komentarza z zakresu prawa autorskiego, kt\u00f3re jest najdynamiczniej rozwijaj\u0105c\u0105 si\u0119 dziedzin\u0105 w polskim systemie prawa. <\/p>\n<p>O wyj\u0105tkowo\u015bci opracowania stanowi to, \u017ce jako jedyne na polskim rynku omawia a\u017c trzy powi\u0105zane ze sob\u0105 tematycznie ustawy:<\/p>\n<p>o prawie autorskim i prawach pokrewnych,<br \/>\no ochronie baz danych oraz<br \/>\no zbiorowym zarz\u0105dzaniu prawami autorskimi i prawami pokrewnymi.<br \/>\nOstatnia z tych ustaw jest komentowana po raz pierwszy.<\/p>\n<p>Komentarz ten jest szczeg\u00f3lny r\u00f3wnie\u017c ze wzgl\u0119du na spos\u00f3b jego uj\u0119cia \u2013 ma charakter nie tylko praktyczny, gdy\u017c r\u00f3wnocze\u015bnie jest rozbudowanym opracowaniem naukowym, w szerokim zakresie uwzgl\u0119dniaj\u0105cym zagraniczn\u0105 literatur\u0119 i orzecznictwo oraz prawo Unii Europejskiej.<\/p>\n<p>W\u015br\u00f3d autor\u00f3w opracowania znale\u017ali si\u0119 naukowcy, cz\u0119sto \u0142\u0105cz\u0105cy prac\u0119 naukow\u0105 z praktyk\u0105 adwokata i radcy prawnego, g\u0142\u00f3wnie z kr\u0119gu krakowskiego (zwi\u0105zani z Katedr\u0105 Prawa W\u0142asno\u015bci Intelektualnej UJ), ale reprezentowane s\u0105 tak\u017ce inne o\u015brodki akademickie.<\/p>\n","protected":false},"excerpt":{"rendered":"<p>Redakcja naukowa: Ryszard Markiewicz Jakub Chwalba, Zbigniew \u0106wi\u0105kalski, Monika Czajkowska-D\u0105browska, [&hellip;]<\/p>\n","protected":false},"featured_media":13703,"template":"","meta":[],"product_brand":[],"product_cat":[7491,18],"product_tag":[1016,4307,4625],"class_list":{"0":"post-13702","1":"product","2":"type-product","3":"status-publish","4":"has-post-thumbnail","6":"product_cat-cywilne","7":"product_cat-prawo","8":"product_tag-prawo-autorskie","9":"product_tag-prawo-wlasnosci-intelektualnej","10":"product_tag-seria-komentarze","12":"first","13":"instock","14":"sale","15":"shipping-taxable","16":"purchasable","17":"product-type-simple"},"_links":{"self":[{"href":"https:\/\/ksiegarnia-akademicka.pl\/index.php\/wp-json\/wp\/v2\/product\/13702","targetHints":{"allow":["GET"]}}],"collection":[{"href":"https:\/\/ksiegarnia-akademicka.pl\/index.php\/wp-json\/wp\/v2\/product"}],"about":[{"href":"https:\/\/ksiegarnia-akademicka.pl\/index.php\/wp-json\/wp\/v2\/types\/product"}],"wp:featuredmedia":[{"embeddable":true,"href":"https:\/\/ksiegarnia-akademicka.pl\/index.php\/wp-json\/wp\/v2\/media\/13703"}],"wp:attachment":[{"href":"https:\/\/ksiegarnia-akademicka.pl\/index.php\/wp-json\/wp\/v2\/media?parent=13702"}],"wp:term":[{"taxonomy":"product_brand","embeddable":true,"href":"https:\/\/ksiegarnia-akademicka.pl\/index.php\/wp-json\/wp\/v2\/product_brand?post=13702"},{"taxonomy":"product_cat","embeddable":true,"href":"https:\/\/ksiegarnia-akademicka.pl\/index.php\/wp-json\/wp\/v2\/product_cat?post=13702"},{"taxonomy":"product_tag","embeddable":true,"href":"https:\/\/ksiegarnia-akademicka.pl\/index.php\/wp-json\/wp\/v2\/product_tag?post=13702"}],"curies":[{"name":"wp","href":"https:\/\/api.w.org\/{rel}","templated":true}]}}