{"id":13118,"date":"2020-09-01T09:12:36","date_gmt":"2020-09-01T07:12:36","guid":{"rendered":"http:\/\/ksiegarnia-akademicka.pl\/?post_type=product&#038;p=13118"},"modified":"2020-09-01T09:12:37","modified_gmt":"2020-09-01T07:12:37","slug":"bezpieczenstwo-spolecznosci-lokalnych-organizacja-systemu-i-projektowanie-dzialan","status":"publish","type":"product","link":"https:\/\/ksiegarnia-akademicka.pl\/index.php\/product\/bezpieczenstwo-spolecznosci-lokalnych-organizacja-systemu-i-projektowanie-dzialan\/","title":{"rendered":"Bezpiecze\u0144stwo spo\u0142eczno\u015bci lokalnych Organizacja systemu i projektowanie dzia\u0142a\u0144"},"content":{"rendered":"<p>Autor:<br \/>\nPiotr Mickiewicz<br \/>\nWydawca: FNCE<br \/>\nOprawa: Mi\u0119kka<br \/>\nFormat: 14.6&#215;21.0cm<br \/>\nLiczba stron: 234<br \/>\nRok wydania: 2020<br \/>\nJ\u0119zyk wydania: polski<br \/>\nISBN:\t978-83-66264-44-1<\/p>\n<p>Zakres tematyczny uj\u0119tych zagadnie\u0144 jest rzadko podejmowany w Polsce. Stanowi to niew\u0105tpliwie jeden z walor\u00f3w recenzowanej monografii. Wsp\u00f3lnym mianownikiem opracowania s\u0105 mechanizmy zarz\u0105dzania bezpiecze\u0144stwem na poziomie lokalnym. Ka\u017cde dzia\u0142anie cz\u0142owieka, ze swej natury, powinno zmierza\u0107 do osi\u0105gania wcze\u015bniej wyznaczonych cel\u00f3w. Koncepcja taka, rozszerzona o postulat rozumno\u015bci cz\u0142owieka, by\u0142a obecna w teorii i praktyce ludzkiego dzia\u0142ania od wiek\u00f3w. Nie inaczej jest w przypadku tworzenia strategii i program\u00f3w lokalnych poprawy bezpiecze\u0144stwa i przeciwdzia\u0142ania patologiom\u2026<br \/>\nZ recenzji Piotra Lizakowskiego<\/p>\n<p>Warte podkre\u015blenia jest szerokie uwzgl\u0119dnienie kwestii kszta\u0142towania urbanistycznego przestrzeni w celu poprawy poczucia bezpiecze\u0144stwa &#8211; problematyce cz\u0119sto pomijanej lub marginalizowanej w programach lokalnych. Podobnie oceni\u0107 nale\u017cy umieszczenie w opracowaniu kwestii zagro\u017cenia epidemicznego i okre\u015blonych ustawowo procedur post\u0119powania aparatu administracyjnego. Kwestia ta by\u0142a pomijana w podr\u0119cznikach omawiaj\u0105cych problematyk\u0119 bezpiecze\u0144stwa spo\u0142eczno\u015bci lokalnych. Tak samo oceni\u0107 nale\u017cy om\u00f3wienie roli pozamilitarnych przygotowa\u0144 obronnych &#8211; tak\u017ce pomijanych w tego rodzaju opracowaniach.<br \/>\nZ recenzji Roberta Wodejki<\/p>\n","protected":false},"excerpt":{"rendered":"<p>Autor: Piotr Mickiewicz Wydawca: FNCE Oprawa: Mi\u0119kka Format: 14.6&#215;21.0cm Liczba [&hellip;]<\/p>\n","protected":false},"featured_media":13119,"template":"","meta":[],"product_brand":[],"product_cat":[27,7507,7510],"product_tag":[4980,225,486],"class_list":{"0":"post-13118","1":"product","2":"type-product","3":"status-publish","4":"has-post-thumbnail","6":"product_cat-nauki-spoleczne","7":"product_cat-politologia","8":"product_cat-polityka-spoleczna","9":"product_tag-bezpieczenstwo-publiczne","10":"product_tag-polityka-spoleczna","11":"product_tag-samorzad-terytorialny","13":"first","14":"instock","15":"shipping-taxable","16":"purchasable","17":"product-type-simple"},"_links":{"self":[{"href":"https:\/\/ksiegarnia-akademicka.pl\/index.php\/wp-json\/wp\/v2\/product\/13118","targetHints":{"allow":["GET"]}}],"collection":[{"href":"https:\/\/ksiegarnia-akademicka.pl\/index.php\/wp-json\/wp\/v2\/product"}],"about":[{"href":"https:\/\/ksiegarnia-akademicka.pl\/index.php\/wp-json\/wp\/v2\/types\/product"}],"wp:featuredmedia":[{"embeddable":true,"href":"https:\/\/ksiegarnia-akademicka.pl\/index.php\/wp-json\/wp\/v2\/media\/13119"}],"wp:attachment":[{"href":"https:\/\/ksiegarnia-akademicka.pl\/index.php\/wp-json\/wp\/v2\/media?parent=13118"}],"wp:term":[{"taxonomy":"product_brand","embeddable":true,"href":"https:\/\/ksiegarnia-akademicka.pl\/index.php\/wp-json\/wp\/v2\/product_brand?post=13118"},{"taxonomy":"product_cat","embeddable":true,"href":"https:\/\/ksiegarnia-akademicka.pl\/index.php\/wp-json\/wp\/v2\/product_cat?post=13118"},{"taxonomy":"product_tag","embeddable":true,"href":"https:\/\/ksiegarnia-akademicka.pl\/index.php\/wp-json\/wp\/v2\/product_tag?post=13118"}],"curies":[{"name":"wp","href":"https:\/\/api.w.org\/{rel}","templated":true}]}}