{"id":8029,"date":"2018-07-18T10:00:11","date_gmt":"2018-07-18T08:00:11","guid":{"rendered":"http:\/\/ksiegarnia-akademicka.pl\/?post_type=product&#038;p=8029"},"modified":"2018-12-15T09:48:16","modified_gmt":"2018-12-15T08:48:16","slug":"wielkosc-gmin-i-powiatow-a-sprawnosc-ich-funkcjonowania-hipotezy-wielkoludow-i-liliputow","status":"publish","type":"product","link":"http:\/\/ksiegarnia-akademicka.pl\/index.php\/product\/wielkosc-gmin-i-powiatow-a-sprawnosc-ich-funkcjonowania-hipotezy-wielkoludow-i-liliputow\/","title":{"rendered":"Wielko\u015b\u0107 gmin i powiat\u00f3w a sprawno\u015b\u0107 ich funkcjonowania Hipotezy wielkolud\u00f3w i liliput\u00f3w"},"content":{"rendered":"<p>Autor:<br \/>\nAdam Gend\u017awi\u0142\u0142<br \/>\nPawe\u0142 Swianiewicz<br \/>\nWydawca: Scholar<br \/>\nOprawa: Mi\u0119kka<br \/>\nFormat: 23.6&#215;16.3<br \/>\nLiczba stron: 192<br \/>\nWydanie: 1<br \/>\nRok wydania: 2016<\/p>\n<p>Ze wzgl\u0119du na kompleksowy spos\u00f3b podej\u015bcia do tematyki oraz wag\u0119 dobrze skonstruowanych bada\u0144 empirycznych, ksi\u0105\u017cka jest wa\u017cnym g\u0142osem w dyskusji naukowej dotycz\u0105cej wielko\u015bci jednostek podzia\u0142u terytorialnego. Z pewno\u015bci\u0105 jest te\u017c najbardziej wszechstronnym opracowaniem, jakie ukaza\u0142o si\u0119 na ten temat w j\u0119zyku polskim. Stanowi kompendium wiedzy, kt\u00f3re zapewne stanie si\u0119 punktem odniesienia, czyli swoist\u0105 klasyk\u0105 gatunku dla badaczy zajmuj\u0105cych si\u0119 tytu\u0142owym zagadnieniem. Z uwagi na swoje walory aplikacyjne ma r\u00f3wnie\u017c szans\u0119 kszta\u0142towa\u0107 dyskusj\u0119 nad kierunkami reform terytorialnych nie tylko na poziomie naukowym, ale tak\u017ce i w sferze praktycznej.<br \/>\nUk\u0142ad ksi\u0105\u017cki sprzyja klarowno\u015bci prowadzonych wywod\u00f3w. Pomimo poruszania skomplikowanych i wielow\u0105tkowych w swym charakterze zagadnie\u0144, ksi\u0105\u017ck\u0119 czyta si\u0119 bardzo dobrze, nie gubi\u0105c si\u0119 w jej narracji.<br \/>\nAutorzy unikaj\u0105 te\u017c utartych, uproszczonych wniosk\u00f3w, m.in. do \u201epopularnych wierze\u0144\u201d zwi\u0105zanych z kierunkami reform terytorialnych nale\u017cy powszechne przekonanie, \u017ce konsolidacja mo\u017ce przynie\u015b\u0107 jedynie korzy\u015bci. Prezentowana ksi\u0105\u017cka wyra\u017anie zwraca uwag\u0119, \u017ce rzeczywisto\u015b\u0107 jest o wiele bardziej skomplikowana.<br \/>\ndr hab. Marian Kachniarz, prof. nadzw. UE (Wroc\u0142aw)<\/p>\n<p>Autorzy s\u0105 badaczami z Zak\u0142adu Rozwoju i Polityki Lokalnej Wydzia\u0142u Geografii i Studi\u00f3w Regionalnych Uniwersytetu Warszawskiego.<\/p>\n<p>Pawe\u0142 Swianiewicz \u2013 profesor nauk ekonomicznych, kierownik projektu. Od prawie 30 lat zajmuje si\u0119 badaniem samorz\u0105d\u00f3w lokalnych w Polsce, a tak\u017ce badaniami por\u00f3wnawczymi system\u00f3w samorz\u0105dowych w Europie. W kr\u0119gu jego zainteresowa\u0144 znajduj\u0105 si\u0119 m.in. procesy decentralizacji, polityka lokalna i organizacja terytorialna kraju. W latach 2005\u20132010 by\u0142 przewodnicz\u0105cym zarz\u0105du European Urban Research Association.<br \/>\nAdam Gend\u017awi\u0142\u0142 \u2013 doktor socjologii, adiunkt. Specjalizuje si\u0119 w badaniach demokracji lokalnej, polityki samorz\u0105dowej, partii politycznych i system\u00f3w wyborczych, a tak\u017ce w metodologii bada\u0144 spo\u0142ecznych. Ekspert Fundacji Batorego, stypendysta Fulbrighta i Fundacji na rzecz Nauki Polskiej. Laureat Nagr\u00f3d Naukowych \u201ePolityki\u201d 2016.<br \/>\nJulita \u0141ukomska \u2013 doktor nauk o Ziemi, magister ekonomii, adiunkt. Jej zainteresowania ogniskuj\u0105 si\u0119 wok\u00f3\u0142 zagadnie\u0144 rozwoju lokalnego i regionalnego, w szczeg\u00f3lno\u015bci w kontek\u015bcie finans\u00f3w lokalnych, a tak\u017ce wykorzystania metod ilo\u015bciowych w naukach spo\u0142ecznych.<\/p>\n<p>Anna Kurniewicz \u2013 magister gospodarki przestrzennej, doktorantka. Bada \u015bcie\u017cki rozwoju miast, zwracaj\u0105c szczeg\u00f3ln\u0105 uwag\u0119 na wp\u0142yw podzia\u0142u terytorialnego na sytuacj\u0119 lokaln\u0105.<\/p>\n","protected":false},"excerpt":{"rendered":"<p>Autor: Adam Gend\u017awi\u0142\u0142 Pawe\u0142 Swianiewicz Wydawca: Scholar Oprawa: Mi\u0119kka Format: [&hellip;]<\/p>\n","protected":false},"featured_media":8030,"template":"","meta":[],"product_brand":[],"product_cat":[7492,18,7494],"product_tag":[585,486],"class_list":{"0":"post-8029","1":"product","2":"type-product","3":"status-publish","4":"has-post-thumbnail","6":"product_cat-administracyjne","7":"product_cat-prawo","8":"product_cat-samorzad-terytorialny","9":"product_tag-administracja-publiczna","10":"product_tag-samorzad-terytorialny","12":"first","13":"instock","14":"sale","15":"shipping-taxable","16":"purchasable","17":"product-type-simple"},"_links":{"self":[{"href":"http:\/\/ksiegarnia-akademicka.pl\/index.php\/wp-json\/wp\/v2\/product\/8029","targetHints":{"allow":["GET"]}}],"collection":[{"href":"http:\/\/ksiegarnia-akademicka.pl\/index.php\/wp-json\/wp\/v2\/product"}],"about":[{"href":"http:\/\/ksiegarnia-akademicka.pl\/index.php\/wp-json\/wp\/v2\/types\/product"}],"wp:featuredmedia":[{"embeddable":true,"href":"http:\/\/ksiegarnia-akademicka.pl\/index.php\/wp-json\/wp\/v2\/media\/8030"}],"wp:attachment":[{"href":"http:\/\/ksiegarnia-akademicka.pl\/index.php\/wp-json\/wp\/v2\/media?parent=8029"}],"wp:term":[{"taxonomy":"product_brand","embeddable":true,"href":"http:\/\/ksiegarnia-akademicka.pl\/index.php\/wp-json\/wp\/v2\/product_brand?post=8029"},{"taxonomy":"product_cat","embeddable":true,"href":"http:\/\/ksiegarnia-akademicka.pl\/index.php\/wp-json\/wp\/v2\/product_cat?post=8029"},{"taxonomy":"product_tag","embeddable":true,"href":"http:\/\/ksiegarnia-akademicka.pl\/index.php\/wp-json\/wp\/v2\/product_tag?post=8029"}],"curies":[{"name":"wp","href":"https:\/\/api.w.org\/{rel}","templated":true}]}}