{"id":18083,"date":"2024-05-06T09:25:34","date_gmt":"2024-05-06T07:25:34","guid":{"rendered":"http:\/\/ksiegarnia-akademicka.pl\/?post_type=product&#038;p=18083"},"modified":"2024-05-06T09:25:35","modified_gmt":"2024-05-06T07:25:35","slug":"cit-2024-komentarz","status":"publish","type":"product","link":"http:\/\/ksiegarnia-akademicka.pl\/index.php\/product\/cit-2024-komentarz\/","title":{"rendered":"CIT 2024 Komentarz"},"content":{"rendered":"<p>Autor:<br \/>\nMarek Smakuszewski<br \/>\nKatarzyna Klimkiewicz-Deplano<br \/>\nWydawca: Infor<br \/>\nOprawa: Kartonowa Foliowana<br \/>\nFormat: 16.5&#215;23.5cm<br \/>\nLiczba stron: 1600<br \/>\nWydanie: 6<br \/>\nRok wydania: 2024<br \/>\nJ\u0119zyk wydania: polski<\/p>\n<p>CIT 2024. Komentarz\u201d to publikacja zawieraj\u0105ca tre\u015b\u0107 ustawy o podatku dochodowym od os\u00f3b prawnych (CIT) w brzmieniu obowi\u0105zuj\u0105cym od 1 stycznia 2024 r. Ka\u017cdy przepis ustawy jest opatrzony praktycznym komentarzem przygotowanym przez ekspert\u00f3w w dziedzinie prawa podatkowego. Komentarz uwzgl\u0119dnia wszystkie zmiany, kt\u00f3re wesz\u0142y w \u017cycie 1 stycznia i 22 lutego 2024 r.<br \/>\nPublikacja zawiera nie tylko klasyczny, prawniczy komentarz do konkretnych przepis\u00f3w, lecz tak\u017ce przyk\u0142ady i wzory pokazuj\u0105ce, jak przedsi\u0119biorcy powinni rozlicza\u0107 si\u0119 podatkowo. Autorzy przedstawiaj\u0105 r\u00f3wnie\u017c aktualne stanowisko organ\u00f3w podatkowych, omawiaj\u0105 orzecznictwo s\u0105d\u00f3w. To jedyny na rynku komentarz do ustawy o podatku dochodowym od os\u00f3b prawnych, kt\u00f3ry omawia przepisy, koncentruj\u0105c si\u0119 na praktycznym aspekcie ich stosowania.<br \/>\nW komentarzu zosta\u0142y uwzgl\u0119dnione oraz szczeg\u00f3\u0142owo om\u00f3wione nowelizacje ustawy o podatku dochodowym od os\u00f3b prawnych, kt\u00f3re obowi\u0105zuj\u0105 od 1 stycznia 2024 r. Zmiany dotycz\u0105 m.in.:<br \/>\n?    wprowadzenia indywidualnej amortyzacji dla nieruchomo\u015bci po\u0142o\u017conych w gminach zagro\u017conych wysokim bezrobociem,<br \/>\n?    zaliczania do koszt\u00f3w podatkowych wydatk\u00f3w sfinansowanych z dotacji,<br \/>\n?    dobrowolnej rezygnacji z niekt\u00f3rych zwolnie\u0144 podatkowych,<br \/>\n?    rozpocz\u0119cia opodatkowania niekt\u00f3rych podatnik\u00f3w CIT tzw. podatkiem minimalnym.<\/p>\n<p>W publikacji znajdziemy odpowiedzi na nurtuj\u0105ce wszystkich podatnik\u00f3w CIT pytania dotycz\u0105ce m.in.:<br \/>\n?    rozliczania koszt\u00f3w podatkowych,<br \/>\n?    ustalania termin\u00f3w powstania obowi\u0105zk\u00f3w podatkowych,<br \/>\n?    rozliczania nieodp\u0142atnych \u015bwiadcze\u0144,<br \/>\n?    zasad amortyzacji,<br \/>\n?    sporz\u0105dzania dokumentacji cen transferowych,<br \/>\n?    rozliczania podatkowego leasingu,<br \/>\n?    opodatkowania przychod\u00f3w z budynk\u00f3w,<br \/>\n?    podatkowych grup kapita\u0142owych,<br \/>\n?    opodatkowania dochod\u00f3w z dzia\u0142alno\u015bci zagranicznych jednostek kontrolowanych,<br \/>\n?    opodatkowania podatkiem u \u017ar\u00f3d\u0142a,<br \/>\n?    zasad poboru zaliczek i dokonywania rocznego rozliczenia CIT.<\/p>\n<p>ATUTY PUBLIKACJI:<br \/>\n\u201eCIT 2024. Komentarz\u201d jest praktycznym om\u00f3wieniem ka\u017cdego przepisu ustawy o podatku dochodowym od os\u00f3b prawnych. Uwzgl\u0119dnia zmiany obowi\u0105zuj\u0105ce od 1 stycznia i 22 lutego 2024 r. Zawiera przyk\u0142ady oraz najnowsze orzecznictwo i interpretacje urz\u0119dowe MF.<\/p>\n","protected":false},"excerpt":{"rendered":"<p>Autor: Marek Smakuszewski Katarzyna Klimkiewicz-Deplano Wydawca: Infor Oprawa: Kartonowa Foliowana [&hellip;]<\/p>\n","protected":false},"featured_media":18084,"template":"","meta":[],"product_brand":[],"product_cat":[22],"product_tag":[6865,1497,1055],"class_list":{"0":"post-18083","1":"product","2":"type-product","3":"status-publish","4":"has-post-thumbnail","6":"product_cat-podatki-i-prawo-podatkowe","7":"product_tag-cit","8":"product_tag-komentarz","9":"product_tag-prawo-podatkowe","11":"first","12":"instock","13":"sale","14":"shipping-taxable","15":"purchasable","16":"product-type-simple"},"_links":{"self":[{"href":"http:\/\/ksiegarnia-akademicka.pl\/index.php\/wp-json\/wp\/v2\/product\/18083","targetHints":{"allow":["GET"]}}],"collection":[{"href":"http:\/\/ksiegarnia-akademicka.pl\/index.php\/wp-json\/wp\/v2\/product"}],"about":[{"href":"http:\/\/ksiegarnia-akademicka.pl\/index.php\/wp-json\/wp\/v2\/types\/product"}],"wp:featuredmedia":[{"embeddable":true,"href":"http:\/\/ksiegarnia-akademicka.pl\/index.php\/wp-json\/wp\/v2\/media\/18084"}],"wp:attachment":[{"href":"http:\/\/ksiegarnia-akademicka.pl\/index.php\/wp-json\/wp\/v2\/media?parent=18083"}],"wp:term":[{"taxonomy":"product_brand","embeddable":true,"href":"http:\/\/ksiegarnia-akademicka.pl\/index.php\/wp-json\/wp\/v2\/product_brand?post=18083"},{"taxonomy":"product_cat","embeddable":true,"href":"http:\/\/ksiegarnia-akademicka.pl\/index.php\/wp-json\/wp\/v2\/product_cat?post=18083"},{"taxonomy":"product_tag","embeddable":true,"href":"http:\/\/ksiegarnia-akademicka.pl\/index.php\/wp-json\/wp\/v2\/product_tag?post=18083"}],"curies":[{"name":"wp","href":"https:\/\/api.w.org\/{rel}","templated":true}]}}