{"id":16832,"date":"2023-10-25T09:28:53","date_gmt":"2023-10-25T07:28:53","guid":{"rendered":"http:\/\/ksiegarnia-akademicka.pl\/?post_type=product&#038;p=16832"},"modified":"2023-10-25T09:30:01","modified_gmt":"2023-10-25T07:30:01","slug":"sila-polski","status":"publish","type":"product","link":"http:\/\/ksiegarnia-akademicka.pl\/index.php\/product\/sila-polski\/","title":{"rendered":"Si\u0142a Polski"},"content":{"rendered":"<p>Autor:<br \/>\nIgor Janke<br \/>\nWydawca: Czerwone i Czarne<br \/>\nOprawa: Mi\u0119kka<br \/>\nFormat: 14.1&#215;22.5cm<br \/>\nLiczba stron: 312<br \/>\nRok wydania: 2023<br \/>\nJ\u0119zyk wydania: polski<\/p>\n<p>Rozm\u00f3wcy Igora Janke, autora popularnego podcastu Uk\u0142ad otwarty prorokuj\u0105, \u017ce za trzydzie\u015bci lat Polska mo\u017ce sta\u0107 si\u0119 pot\u0119\u017cnym pa\u0144stwem o du\u017cej randze mi\u0119dzynarodowej, z siln\u0105 armi\u0105 i nowoczesn\u0105 gospodark\u0105. Wierz\u0105 w niezwyk\u0142\u0105 przedsi\u0119biorczo\u015b\u0107 Polak\u00f3w, kt\u00f3rzy po 1989 roku dokonali najwi\u0119kszego skoku w Europie. Drugi skok jest na wyci\u0105gni\u0119cie r\u0119ki, trzeba tylko zlikwidowa\u0107 pewne bariery. Jakie i jak to zrobi\u0107 \u2013 m\u00f3wi\u0105 ludzie, kt\u00f3rzy odnie\u015bli ogromne sukcesy. Na przyk\u0142ad Rafa\u0142 Brzoska, szef InPostu, m\u00f3wi tak: Je\u017celi m\u00f3wimy o skali podatkowej, to uwa\u017cam, \u017ce polski system jest bardzo dobry i sprawiedliwy. Natomiast jest zdecydowanie nieprosty. Jest opresyjny, pozostawia du\u017c\u0105 dowolno\u015b\u0107 interpretacyjn\u0105, kt\u00f3ra rodzi wiele ryzyk.<br \/>\nTo stanowi dzi\u015b ogromn\u0105 barier\u0119. Uproszczenie systemu podatkowego, ujednolicenie zach\u0119t inwestycyjnych jest konieczne. Nie mo\u017ce by\u0107 tak, \u017ce kto\u015b dostaje zdecydowane fory tylko i wy\u0142\u0105cznie dlatego, \u017ce jest znacznie wi\u0119kszym inwestorem albo obieca\u0142 utworzy\u0107 tyle a tyle miejsc pracy. Cz\u0119sto potem okazuje si\u0119, \u017ce to s\u0105 miejsca pracy s\u0142abej jako\u015bci, \u017ale op\u0142acane, mamy do czynienia wr\u0119cz ze swego rodzaju wyzyskiem.<br \/>\nTa nier\u00f3wno\u015b\u0107, kt\u00f3ra zosta\u0142a stworzona, uderza w polskie firmy. Musimy potem konkurowa\u0107 z du\u017cym graczem na rynku, na kt\u00f3rym on startowa\u0142 z lepszej pozycji. A szef Maspexu, Krzysztof Pawi\u0144ski radzi, \u017ceby wyci\u0105ga\u0107 wnioski z cudzych b\u0142\u0119d\u00f3w: Sukces to nie jest ci\u0105g genialnych decyzji, sukces to jest suma mniejszej ilo\u015bci pope\u0142nianych b\u0142\u0119d\u00f3w. \u0141atwiej by\u0107 lepszym, je\u015bli si\u0119 ma dobrze zrobion\u0105 tak\u0105 analiz\u0119 wsteczn\u0105. Popatrzmy na gospodark\u0119 niemieck\u0105, na b\u0142\u0119dy, kt\u00f3re poczyniono tam na przyk\u0142ad z punktu widzenia polityki imigracyjnej. S\u0105 one kolosalne. Czy musimy je powt\u00f3rzy\u0107? Nie s\u0105dz\u0119. Co wi\u0119cej, na te b\u0142\u0119dy nie mogli\u015bmy sobie pozwoli\u0107 z biedy. Wypracowali\u015bmy ca\u0142kiem rozs\u0105dny model imigracyjny \u2013 z jednej strony mamy bardzo niski poziom wsparcia socjalnego dla imigrant\u00f3w, a z drugiej nie dajemy \u017cadnych istotnych ogranicze\u0144 w dost\u0119pie do rynku pracy. To najlepsze mo\u017cliwe rozwi\u0105zanie minimalistyczne. Ka\u017cdy, kto pracuje, p\u0142aci podatki, ma dost\u0119p do podstawowych us\u0142ug socjalnych i jest mile witany. To jest naprawd\u0119 innowacja zawstydzaj\u0105ca sw\u0105 prostot\u0105 i skuteczno\u015bci\u0105. Jak popatrzymy na Niemcy, na Szwecj\u0119, czy na Holandi\u0119, to wida\u0107 zasadnicz\u0105 r\u00f3\u017cnic\u0119. Wystarczy, \u017ce zrobimy ten jeden b\u0142\u0105d mniej w tym obszarze. Kolejna obserwacja \u2013 b\u0142\u0119dy polityki transformacji energetycznej, kt\u00f3re widzimy na Zachodzie. Wystarczy, \u017ce zrobimy j\u0105 lepiej, znowu mo\u017ce si\u0119 to przerodzi\u0107 si\u0119 w trwa\u0142\u0105 przewag\u0119. To podej\u015bcie, kt\u00f3re wygrywa tam dzi\u015b, \u017ce mamy przeprowadza\u0107 transformacj\u0119 energetyczn\u0105 kosztem poziomu naszego \u017cycia, jest absolutnie b\u0142\u0119dne. Powinni\u015bmy to zatem zrobi\u0107 inaczej, w oparciu o post\u0119p technologiczny, ale w istniej\u0105cych technologiach, a nie licz\u0105c na obiecany post\u0119p nauki w przysz\u0142o\u015bci, kt\u00f3ry si\u0119 wydarzy, albo nie. Przywykli\u015bmy, \u017ce politycy wchodz\u0105 z butami w ekonomi\u0119, id\u0105 z pustymi obietnicami, \u0142ami\u0105c zdrowe zasady ekonomii. Ale to, \u017ce teraz polityka wchodzi w obszar nauki i technologii i mami nas jakimi to technologiami b\u0119dziemy dysponowali za pi\u0119\u0107 czy siedem lat, to jest to chore. Wystarczy, \u017ce tego unikniemy i b\u0119dzie naprawd\u0119 dobrze.<\/p>\n","protected":false},"excerpt":{"rendered":"<p>Autor: Igor Janke Wydawca: Czerwone i Czarne Oprawa: Mi\u0119kka Format: [&hellip;]<\/p>\n","protected":false},"featured_media":16833,"template":"","meta":[],"product_brand":[],"product_cat":[38,27,7507,24],"product_tag":[67,8220],"class_list":{"0":"post-16832","1":"product","2":"type-product","3":"status-publish","4":"has-post-thumbnail","6":"product_cat-historia","7":"product_cat-nauki-spoleczne","8":"product_cat-politologia","9":"product_cat-polityka-gospodarcza","10":"product_tag-historia-polski","11":"product_tag-uklad-otwarty","13":"first","14":"instock","15":"sale","16":"shipping-taxable","17":"purchasable","18":"product-type-simple"},"_links":{"self":[{"href":"http:\/\/ksiegarnia-akademicka.pl\/index.php\/wp-json\/wp\/v2\/product\/16832","targetHints":{"allow":["GET"]}}],"collection":[{"href":"http:\/\/ksiegarnia-akademicka.pl\/index.php\/wp-json\/wp\/v2\/product"}],"about":[{"href":"http:\/\/ksiegarnia-akademicka.pl\/index.php\/wp-json\/wp\/v2\/types\/product"}],"wp:featuredmedia":[{"embeddable":true,"href":"http:\/\/ksiegarnia-akademicka.pl\/index.php\/wp-json\/wp\/v2\/media\/16833"}],"wp:attachment":[{"href":"http:\/\/ksiegarnia-akademicka.pl\/index.php\/wp-json\/wp\/v2\/media?parent=16832"}],"wp:term":[{"taxonomy":"product_brand","embeddable":true,"href":"http:\/\/ksiegarnia-akademicka.pl\/index.php\/wp-json\/wp\/v2\/product_brand?post=16832"},{"taxonomy":"product_cat","embeddable":true,"href":"http:\/\/ksiegarnia-akademicka.pl\/index.php\/wp-json\/wp\/v2\/product_cat?post=16832"},{"taxonomy":"product_tag","embeddable":true,"href":"http:\/\/ksiegarnia-akademicka.pl\/index.php\/wp-json\/wp\/v2\/product_tag?post=16832"}],"curies":[{"name":"wp","href":"https:\/\/api.w.org\/{rel}","templated":true}]}}