{"id":10284,"date":"2019-02-01T09:06:33","date_gmt":"2019-02-01T08:06:33","guid":{"rendered":"http:\/\/ksiegarnia-akademicka.pl\/?post_type=product&#038;p=10284"},"modified":"2019-02-01T09:06:34","modified_gmt":"2019-02-01T08:06:34","slug":"mysl-polityczna-wincentego-witosa-1874-1945","status":"publish","type":"product","link":"http:\/\/ksiegarnia-akademicka.pl\/index.php\/product\/mysl-polityczna-wincentego-witosa-1874-1945\/","title":{"rendered":"My\u015bl polityczna Wincentego Witosa (1874-1945)"},"content":{"rendered":"<p>Autor:<br \/>\nEwelina Podgajna<br \/>\nWydawca: UMCS<br \/>\nOprawa: Mi\u0119kka<br \/>\nLiczba stron: 450<br \/>\nRok wydania: 2019<\/p>\n<p>Recenzowana propozycja wydawnicza dr Eweliny Podgajnej wpisuje si\u0119 wy\u015bmienicie w rocznic\u0119 100-lecia odbudowy pa\u0144stwa polskiego. Po\u015bwi\u0119cona jest bowiem my\u015bli politycznej Wincentego Witosa, wybitnego m\u0119\u017ca stanu, trzykrotnego premiera II Rzeczypospolitej, kt\u00f3ry obok J\u00f3zefa Pi\u0142sudskiego, Romana Dmowskiego i Ignacego Paderewskiego wni\u00f3s\u0142 trudny do przecenienia wk\u0142ad w odbudow\u0119 i budow\u0119 pa\u0144stwa polskiego. [\u2026] Praca ma konstrukcj\u0119 umo\u017cliwiaj\u0105c\u0105 ukazanie ca\u0142okszta\u0142tu pogl\u0105d\u00f3w Witosa na stosunki spo\u0142eczne i ekonomiczne w II Rzeczypospolitej, rol\u0119 i miejsce poszczeg\u00f3lnych warstw w \u017cyciu narodu i pa\u0144stwa polskiego, ustr\u00f3j polityczny w II Rzeczypospolitej i jego ewolucj\u0119, polityk\u0119 zagraniczn\u0105, determinanty bezpiecze\u0144stwa wewn\u0119trznego i zewn\u0119trznego Polski, relacje mi\u0119dzy Ko\u015bcio\u0142em katolickim a pa\u0144stwem. [\u2026] Recenzowana praca jest wynikiem wnikliwej analizy bardzo bogatej bazy \u017ar\u00f3d\u0142owej i literatury naukowej. [\u2026] Praca My\u015bl polityczna Wincentego Witosa (1874-1945) stanowi cenny wk\u0142ad nie tylko w badania polskiej my\u015bli politycznej, ale tak\u017ce w historiografi\u0119 po\u015bwi\u0119con\u0105 dziejom wsi i ruchu ludowego oraz nowo\u017cytnym i najnowszym dziejom narodu i pa\u0144stwa polskiego.<\/p>\n<p>Z recenzji prof. dr. hab. Stefana Pastuszki<\/p>\n","protected":false},"excerpt":{"rendered":"<p>Autor: Ewelina Podgajna Wydawca: UMCS Oprawa: Mi\u0119kka Liczba stron: 450 [&hellip;]<\/p>\n","protected":false},"featured_media":10285,"template":"","meta":[],"product_brand":[],"product_cat":[38],"product_tag":[67],"class_list":{"0":"post-10284","1":"product","2":"type-product","3":"status-publish","4":"has-post-thumbnail","6":"product_cat-historia","7":"product_tag-historia-polski","9":"first","10":"instock","11":"sale","12":"shipping-taxable","13":"purchasable","14":"product-type-simple"},"_links":{"self":[{"href":"http:\/\/ksiegarnia-akademicka.pl\/index.php\/wp-json\/wp\/v2\/product\/10284","targetHints":{"allow":["GET"]}}],"collection":[{"href":"http:\/\/ksiegarnia-akademicka.pl\/index.php\/wp-json\/wp\/v2\/product"}],"about":[{"href":"http:\/\/ksiegarnia-akademicka.pl\/index.php\/wp-json\/wp\/v2\/types\/product"}],"wp:featuredmedia":[{"embeddable":true,"href":"http:\/\/ksiegarnia-akademicka.pl\/index.php\/wp-json\/wp\/v2\/media\/10285"}],"wp:attachment":[{"href":"http:\/\/ksiegarnia-akademicka.pl\/index.php\/wp-json\/wp\/v2\/media?parent=10284"}],"wp:term":[{"taxonomy":"product_brand","embeddable":true,"href":"http:\/\/ksiegarnia-akademicka.pl\/index.php\/wp-json\/wp\/v2\/product_brand?post=10284"},{"taxonomy":"product_cat","embeddable":true,"href":"http:\/\/ksiegarnia-akademicka.pl\/index.php\/wp-json\/wp\/v2\/product_cat?post=10284"},{"taxonomy":"product_tag","embeddable":true,"href":"http:\/\/ksiegarnia-akademicka.pl\/index.php\/wp-json\/wp\/v2\/product_tag?post=10284"}],"curies":[{"name":"wp","href":"https:\/\/api.w.org\/{rel}","templated":true}]}}